{"id":3698,"date":"2026-07-01T11:55:31","date_gmt":"2026-07-01T09:55:31","guid":{"rendered":"https:\/\/mallorkinas.es\/?post_type=product&#038;p=3698"},"modified":"2026-08-21T22:27:58","modified_gmt":"2026-08-21T20:27:58","slug":"anillo-amethyst","status":"publish","type":"product","link":"https:\/\/mallorkinas.es\/de\/producto\/anillo-amethyst\/","title":{"rendered":"AMETHYST"},"content":{"rendered":"","protected":false},"excerpt":{"rendered":"<p class=\"PDq2pG_selectionAnchorContainer\" data-start=\"299\" data-end=\"658\">Der Mallorkinas-Ring ist das kleine Detail, das jedes Outfit m\u00fchelos aufwertet. Er wurde daf\u00fcr entworfen, dich jeden Tag zu begleiten, und vereint modernes Design mit der mediterranen DNA von Mallorkinas. Dank seiner leichten und angenehmen Passform tr\u00e4gt er sich besonders komfortabel, w\u00e4hrend das eingravierte Mallorkinas-Logo f\u00fcr einen exklusiven und unverwechselbaren Akzent sorgt.<\/p>\n<p data-start=\"660\" data-end=\"780\">Ob allein getragen oder mit anderen Schmuckst\u00fccken kombiniert \u2013 dieser Ring ist das perfekte Accessoire, um deinem Look eine pers\u00f6nliche und stilvolle Note zu verleihen.<\/p>","protected":false},"featured_media":3692,"comment_status":"open","ping_status":"closed","template":"","meta":[],"product_brand":[],"product_cat":[32],"product_tag":[],"class_list":["post-3698","product","type-product","status-publish","has-post-thumbnail","product_cat-accesorios","first","instock","taxable","shipping-taxable","purchasable","product-type-simple"],"jetpack_sharing_enabled":true,"_links":{"self":[{"href":"https:\/\/mallorkinas.es\/de\/wp-json\/wp\/v2\/product\/3698","targetHints":{"allow":["GET"]}}],"collection":[{"href":"https:\/\/mallorkinas.es\/de\/wp-json\/wp\/v2\/product"}],"about":[{"href":"https:\/\/mallorkinas.es\/de\/wp-json\/wp\/v2\/types\/product"}],"replies":[{"embeddable":true,"href":"https:\/\/mallorkinas.es\/de\/wp-json\/wp\/v2\/comments?post=3698"}],"version-history":[{"count":1,"href":"https:\/\/mallorkinas.es\/de\/wp-json\/wp\/v2\/product\/3698\/revisions"}],"predecessor-version":[{"id":4596,"href":"https:\/\/mallorkinas.es\/de\/wp-json\/wp\/v2\/product\/3698\/revisions\/4596"}],"wp:featuredmedia":[{"embeddable":true,"href":"https:\/\/mallorkinas.es\/de\/wp-json\/wp\/v2\/media\/3692"}],"wp:attachment":[{"href":"https:\/\/mallorkinas.es\/de\/wp-json\/wp\/v2\/media?parent=3698"}],"wp:term":[{"taxonomy":"product_brand","embeddable":true,"href":"https:\/\/mallorkinas.es\/de\/wp-json\/wp\/v2\/product_brand?post=3698"},{"taxonomy":"product_cat","embeddable":true,"href":"https:\/\/mallorkinas.es\/de\/wp-json\/wp\/v2\/product_cat?post=3698"},{"taxonomy":"product_tag","embeddable":true,"href":"https:\/\/mallorkinas.es\/de\/wp-json\/wp\/v2\/product_tag?post=3698"}],"curies":[{"name":"Wordpress","href":"https:\/\/api.w.org\/{rel}","templated":true}]}}