{"id":3698,"date":"2026-07-01T11:55:31","date_gmt":"2026-07-01T09:55:31","guid":{"rendered":"https:\/\/mallorkinas.es\/?post_type=product&#038;p=3698"},"modified":"2026-08-21T22:27:58","modified_gmt":"2026-08-21T20:27:58","slug":"anillo-amethyst","status":"publish","type":"product","link":"https:\/\/mallorkinas.es\/fr\/producto\/anillo-amethyst\/","title":{"rendered":"AMETHYST"},"content":{"rendered":"","protected":false},"excerpt":{"rendered":"<p class=\"PDq2pG_selectionAnchorContainer\" data-start=\"299\" data-end=\"658\">La bague Mallorkinas est ce petit d\u00e9tail qui sublime une tenue en toute simplicit\u00e9. Con\u00e7ue pour vous accompagner au quotidien, elle associe un design contemporain \u00e0 l'essence m\u00e9diterran\u00e9enne de la marque. Sa silhouette l\u00e9g\u00e8re et confortable en fait un bijou agr\u00e9able \u00e0 porter, tandis que le logo Mallorkinas grav\u00e9 apporte une touche d'identit\u00e9 et d'exclusivit\u00e9.<\/p>\n<p data-start=\"660\" data-end=\"780\">Parfaite port\u00e9e seule ou associ\u00e9e \u00e0 d'autres bagues, c'est l'accessoire id\u00e9al pour affirmer votre style avec personnalit\u00e9.<\/p>","protected":false},"featured_media":3692,"comment_status":"open","ping_status":"closed","template":"","meta":[],"product_brand":[],"product_cat":[32],"product_tag":[],"class_list":["post-3698","product","type-product","status-publish","has-post-thumbnail","product_cat-accesorios","first","instock","taxable","shipping-taxable","purchasable","product-type-simple"],"jetpack_sharing_enabled":true,"_links":{"self":[{"href":"https:\/\/mallorkinas.es\/fr\/wp-json\/wp\/v2\/product\/3698","targetHints":{"allow":["GET"]}}],"collection":[{"href":"https:\/\/mallorkinas.es\/fr\/wp-json\/wp\/v2\/product"}],"about":[{"href":"https:\/\/mallorkinas.es\/fr\/wp-json\/wp\/v2\/types\/product"}],"replies":[{"embeddable":true,"href":"https:\/\/mallorkinas.es\/fr\/wp-json\/wp\/v2\/comments?post=3698"}],"version-history":[{"count":1,"href":"https:\/\/mallorkinas.es\/fr\/wp-json\/wp\/v2\/product\/3698\/revisions"}],"predecessor-version":[{"id":4596,"href":"https:\/\/mallorkinas.es\/fr\/wp-json\/wp\/v2\/product\/3698\/revisions\/4596"}],"wp:featuredmedia":[{"embeddable":true,"href":"https:\/\/mallorkinas.es\/fr\/wp-json\/wp\/v2\/media\/3692"}],"wp:attachment":[{"href":"https:\/\/mallorkinas.es\/fr\/wp-json\/wp\/v2\/media?parent=3698"}],"wp:term":[{"taxonomy":"product_brand","embeddable":true,"href":"https:\/\/mallorkinas.es\/fr\/wp-json\/wp\/v2\/product_brand?post=3698"},{"taxonomy":"product_cat","embeddable":true,"href":"https:\/\/mallorkinas.es\/fr\/wp-json\/wp\/v2\/product_cat?post=3698"},{"taxonomy":"product_tag","embeddable":true,"href":"https:\/\/mallorkinas.es\/fr\/wp-json\/wp\/v2\/product_tag?post=3698"}],"curies":[{"name":"wp","href":"https:\/\/api.w.org\/{rel}","templated":true}]}}